{"id":2308,"date":"2018-07-24T00:25:46","date_gmt":"2018-07-23T22:25:46","guid":{"rendered":"http:\/\/www.aptobradametala.com\/proizvodnja-kancelarijskog-namestaja\/"},"modified":"2018-10-01T13:03:02","modified_gmt":"2018-10-01T11:03:02","slug":"herstellung-von-bueromoebeln","status":"publish","type":"page","link":"https:\/\/www.aptobradametala.com\/de\/herstellung-von-bueromoebeln\/","title":{"rendered":"Herstellung von B\u00fcrom\u00f6beln"},"content":{"rendered":"<p><div class=\"fusion-fullwidth fullwidth-box fusion-builder-row-1 fusion-parallax-none nonhundred-percent-fullwidth non-hundred-percent-height-scrolling\" style=\"--awb-border-radius-top-left:0px;--awb-border-radius-top-right:0px;--awb-border-radius-bottom-right:0px;--awb-border-radius-bottom-left:0px;--awb-padding-top:45px;--awb-background-color:#eeeeee;--awb-background-image:url(&quot;http:\/\/www.aptobradametala.com\/wp-content\/uploads\/2018\/09\/plastifikacija-metala-beograd-1.jpg&quot;);--awb-background-size:cover;--awb-flex-wrap:wrap;\" ><div class=\"fusion-builder-row fusion-row\"><div class=\"fusion-layout-column fusion_builder_column fusion-builder-column-0 fusion_builder_column_1_1 1_1 fusion-one-full fusion-column-first fusion-column-last fusion-animated\" style=\"--awb-bg-size:cover;--awb-margin-top:35px;--awb-margin-bottom:10px;\" data-animationType=\"zoomIn\" data-animationDuration=\"0.9\" data-animationOffset=\"top-into-view\"><div class=\"fusion-column-wrapper fusion-flex-column-wrapper-legacy\"><div class=\"fusion-title title fusion-title-1 fusion-sep-none fusion-title-center fusion-title-text fusion-title-size-one\"><h1 class=\"fusion-title-heading title-heading-center fusion-responsive-typography-calculated\" style=\"margin:0;--fontSize:48;line-height:1.05;\"><span style=\"color: #333645;\">Herstellung von B\u00fcrom\u00f6beln<\/span><\/h1><\/div><div class=\"fusion-sep-clear\"><\/div><div class=\"fusion-separator\" style=\"margin-left: auto;margin-right: auto;margin-top:16px;margin-bottom:36px;width:100%;max-width:24%;\"><div class=\"fusion-separator-border sep-single\" style=\"--awb-height:20px;--awb-amount:20px;border-color:#5e6276;border-top-width:2px;\"><\/div><\/div><div class=\"fusion-sep-clear\"><\/div><div class=\"fusion-text fusion-text-1\"><h3 style=\"text-align: center;\">B\u00fcrotische und -regale, Regalbretter, Regale hergestellt aus d\u00fcnnwandigen Stahlr\u00f6hren und pulverbeschichtet in der Farbe nach ihrem Geschmack.<\/h3>\n<p style=\"text-align: center;\"><span style=\"color: #000000;\">Im Gegensatz zu anderen, die schon fertig gemachte M\u00f6beln verkaufen, machen wir M\u00f6beln wie es Ihnen gef\u00e4llt. Die M\u00f6beln werden passend zu euren Raumdimensionen produziert, sodass Sie am Ende mit der gesamten Einrichtung zufrieden sein werden.<\/span><\/p>\n<\/div><div class=\"fusion-clearfix\"><\/div><\/div><\/div><div class=\"fusion-layout-column fusion_builder_column fusion-builder-column-1 fusion_builder_column_1_1 1_1 fusion-one-full fusion-column-first fusion-column-last\" style=\"--awb-bg-size:cover;--awb-margin-top:0px;--awb-margin-bottom:0px;\"><div class=\"fusion-column-wrapper fusion-flex-column-wrapper-legacy\"><div class=\"fusion-column-content-centered\"><div class=\"fusion-column-content\"><div class=\"fusion-section-separator section-separator slant fusion-section-separator-1\" style=\"--awb-spacer-height:99px;--awb-svg-margin-left:0;--awb-svg-margin-right:0;--awb-divider-height:99px;--awb-spacer-padding-top:inherit;--awb-sep-padding:0;--awb-svg-padding:0;--awb-svg-tag-margin-bottom:-3px;--awb-sep-svg-display:block;\"><div class=\"fusion-section-separator-svg\"><svg class=\"fusion-slant-candy\" xmlns=\"http:\/\/www.w3.org\/2000\/svg\" version=\"1.1\" width=\"100%\" height=\"100\" viewBox=\"0 0 100 100\" preserveAspectRatio=\"none\" fill=\"rgba(51,54,69,1)\"><path d=\"M0 0 L0 100 L100 100 Z\"><\/path><\/svg><\/div><div class=\"fusion-section-separator-spacer\"><div class=\"fusion-section-separator-spacer-height\"><\/div><\/div><\/div><\/div><\/div><div class=\"fusion-clearfix\"><\/div><\/div><\/div><\/div><\/div><div class=\"fusion-fullwidth fullwidth-box fusion-builder-row-2 nonhundred-percent-fullwidth non-hundred-percent-height-scrolling\" style=\"--awb-background-position:center bottom;--awb-border-radius-top-left:0px;--awb-border-radius-top-right:0px;--awb-border-radius-bottom-right:0px;--awb-border-radius-bottom-left:0px;--awb-padding-top:40px;--awb-padding-bottom:70px;--awb-flex-wrap:wrap;\" ><div class=\"fusion-builder-row fusion-row\"><div class=\"fusion-layout-column fusion_builder_column fusion-builder-column-2 fusion_builder_column_1_1 1_1 fusion-one-full fusion-column-first fusion-column-last\" style=\"--awb-bg-size:cover;--awb-margin-top:20px;\"><div class=\"fusion-column-wrapper fusion-flex-column-wrapper-legacy\"><div class=\"fusion-title title fusion-title-2 fusion-sep-none fusion-title-center fusion-title-text fusion-title-size-two\" style=\"--awb-margin-top:0px;\"><h2 class=\"fusion-title-heading title-heading-center fusion-responsive-typography-calculated\" style=\"margin:0;--fontSize:40;line-height:1.05;\"><span style=\"color: #ffffff;\">Herstellung von B\u00fcrom\u00f6beln in unserer Firma<\/span><\/h2><\/div><div class=\"fusion-sep-clear\"><\/div><div class=\"fusion-separator\" style=\"margin-left: auto;margin-right: auto;margin-top:16px;margin-bottom:36px;width:100%;max-width:24%;\"><div class=\"fusion-separator-border sep-single\" style=\"--awb-height:20px;--awb-amount:20px;border-color:#5e6276;border-top-width:2px;\"><\/div><\/div><div class=\"fusion-sep-clear\"><\/div><div class=\"fusion-text fusion-text-2\"><p style=\"text-align: center;\">Arbeits- und Konferenztische, bewegliche Schubladen, Regale und Gestell<\/p>\n<\/div><div class=\"fusion-sep-clear\"><\/div><div class=\"fusion-separator\" style=\"margin-left: auto;margin-right: auto;margin-bottom:20px;width:100%;max-width:24%;\"><\/div><div class=\"fusion-sep-clear\"><\/div><div class=\"fusion-text fusion-text-3\"><div id=\"jig1\" class=\"justified-image-grid jig-a3baf8c784e091e5df9c046e1d268056 jig-preset-global jig-source-nextgen\"><div class=\"jig-clearfix\"><\/div><noscript id=\"jig1-html\" class=\"justified-image-grid-html\" data-lazy-src=\"skiplazyload\" data-src=\"skipunveillazyload\"><ul><li><a href=\"https:\/\/www.aptobradametala.com\/wp-content\/gallery\/kancelarijski-namestaj\/IMG_4585.jpg\" title=\"IMG_4585\"><img decoding=\"async\" src=\"https:\/\/www.aptobradametala.com\/wp-content\/plugins\/justified-image-grid\/timthumb.php?src=https%3A%2F%2Fwww.aptobradametala.com%2Fwp-content%2Fgallery%2Fkancelarijski-namestaj%2FIMG_4585.jpg&amp;h=260&amp;q=90&amp;f=.jpg\" alt=\"IMG_4585\" width=\"194\" height=\"260\" \/><\/a><p class=\"jig-HTMLdescription\">IMG_4585<\/p><\/li><li><a href=\"https:\/\/www.aptobradametala.com\/wp-content\/gallery\/kancelarijski-namestaj\/E46E7533-C729-4D74-8E5D-F4DBD6EA710B.jpg\"><img decoding=\"async\" src=\"https:\/\/www.aptobradametala.com\/wp-content\/plugins\/justified-image-grid\/timthumb.php?src=https%3A%2F%2Fwww.aptobradametala.com%2Fwp-content%2Fgallery%2Fkancelarijski-namestaj%2FE46E7533-C729-4D74-8E5D-F4DBD6EA710B.jpg&amp;h=260&amp;q=90&amp;f=.jpg\" alt=\"\" width=\"207\" height=\"260\" \/><\/a><\/li><li><a href=\"https:\/\/www.aptobradametala.com\/wp-content\/gallery\/kancelarijski-namestaj\/ABBC46A5-9234-48D2-B821-6CF48A3D7D73.jpg\"><img decoding=\"async\" src=\"https:\/\/www.aptobradametala.com\/wp-content\/plugins\/justified-image-grid\/timthumb.php?src=https%3A%2F%2Fwww.aptobradametala.com%2Fwp-content%2Fgallery%2Fkancelarijski-namestaj%2FABBC46A5-9234-48D2-B821-6CF48A3D7D73.jpg&amp;h=260&amp;q=90&amp;f=.jpg\" alt=\"\" width=\"207\" height=\"260\" \/><\/a><\/li><li><a href=\"https:\/\/www.aptobradametala.com\/wp-content\/gallery\/kancelarijski-namestaj\/20170228_110755.jpg\" title=\"20170228_110755\"><img decoding=\"async\" src=\"https:\/\/www.aptobradametala.com\/wp-content\/plugins\/justified-image-grid\/timthumb.php?src=https%3A%2F%2Fwww.aptobradametala.com%2Fwp-content%2Fgallery%2Fkancelarijski-namestaj%2F20170228_110755.jpg&amp;h=260&amp;q=90&amp;f=.jpg\" alt=\"20170228_110755\" width=\"146\" height=\"260\" \/><\/a><p class=\"jig-HTMLdescription\">20170228_110755<\/p><\/li><li><a href=\"https:\/\/www.aptobradametala.com\/wp-content\/gallery\/kancelarijski-namestaj\/20161031_120911.jpg\" title=\"20161031_120911\"><img decoding=\"async\" src=\"https:\/\/www.aptobradametala.com\/wp-content\/plugins\/justified-image-grid\/timthumb.php?src=https%3A%2F%2Fwww.aptobradametala.com%2Fwp-content%2Fgallery%2Fkancelarijski-namestaj%2F20161031_120911.jpg&amp;h=260&amp;q=90&amp;f=.jpg\" alt=\"20161031_120911\" width=\"462\" height=\"260\" \/><\/a><p class=\"jig-HTMLdescription\">20161031_120911<\/p><\/li><li><a href=\"https:\/\/www.aptobradametala.com\/wp-content\/gallery\/kancelarijski-namestaj\/20170203_133324.jpg\" title=\"20170203_133324\"><img decoding=\"async\" src=\"https:\/\/www.aptobradametala.com\/wp-content\/plugins\/justified-image-grid\/timthumb.php?src=https%3A%2F%2Fwww.aptobradametala.com%2Fwp-content%2Fgallery%2Fkancelarijski-namestaj%2F20170203_133324.jpg&amp;h=260&amp;q=90&amp;f=.jpg\" alt=\"20170203_133324\" width=\"462\" height=\"260\" \/><\/a><p class=\"jig-HTMLdescription\">20170203_133324<\/p><\/li><li><a href=\"https:\/\/www.aptobradametala.com\/wp-content\/gallery\/kancelarijski-namestaj\/20170203_133022.jpg\" title=\"20170203_133022\"><img decoding=\"async\" src=\"https:\/\/www.aptobradametala.com\/wp-content\/plugins\/justified-image-grid\/timthumb.php?src=https%3A%2F%2Fwww.aptobradametala.com%2Fwp-content%2Fgallery%2Fkancelarijski-namestaj%2F20170203_133022.jpg&amp;h=260&amp;q=90&amp;f=.jpg\" alt=\"20170203_133022\" width=\"462\" height=\"260\" \/><\/a><p class=\"jig-HTMLdescription\">20170203_133022<\/p><\/li><li><a href=\"https:\/\/www.aptobradametala.com\/wp-content\/gallery\/kancelarijski-namestaj\/42874288_473926523119746_7753253865859842048_n.jpg\" title=\"42874288_473926523119746_7753253865859842048_n\"><img decoding=\"async\" src=\"https:\/\/www.aptobradametala.com\/wp-content\/plugins\/justified-image-grid\/timthumb.php?src=https%3A%2F%2Fwww.aptobradametala.com%2Fwp-content%2Fgallery%2Fkancelarijski-namestaj%2F42874288_473926523119746_7753253865859842048_n.jpg&amp;h=260&amp;q=90&amp;f=.jpg\" alt=\"42874288_473926523119746_7753253865859842048_n\" width=\"126\" height=\"260\" \/><\/a><p class=\"jig-HTMLdescription\">42874288_473926523119746_7753253865859842048_n<\/p><\/li><li><a href=\"https:\/\/www.aptobradametala.com\/wp-content\/gallery\/kancelarijski-namestaj\/15622211_899028833533482_2997603706305942817_n.jpg\" title=\"15622211_899028833533482_2997603706305942817_n\"><img decoding=\"async\" src=\"https:\/\/www.aptobradametala.com\/wp-content\/plugins\/justified-image-grid\/timthumb.php?src=https%3A%2F%2Fwww.aptobradametala.com%2Fwp-content%2Fgallery%2Fkancelarijski-namestaj%2F15622211_899028833533482_2997603706305942817_n.jpg&amp;h=260&amp;q=90&amp;f=.jpg\" alt=\"15622211_899028833533482_2997603706305942817_n\" width=\"146\" height=\"260\" \/><\/a><p class=\"jig-HTMLdescription\">15622211_899028833533482_2997603706305942817_n<\/p><\/li><li><a href=\"https:\/\/www.aptobradametala.com\/wp-content\/gallery\/kancelarijski-namestaj\/15541993_899031453533220_5453325885200540966_n.jpg\" title=\"15541993_899031453533220_5453325885200540966_n\"><img decoding=\"async\" src=\"https:\/\/www.aptobradametala.com\/wp-content\/plugins\/justified-image-grid\/timthumb.php?src=https%3A%2F%2Fwww.aptobradametala.com%2Fwp-content%2Fgallery%2Fkancelarijski-namestaj%2F15541993_899031453533220_5453325885200540966_n.jpg&amp;h=260&amp;q=90&amp;f=.jpg\" alt=\"15541993_899031453533220_5453325885200540966_n\" width=\"146\" height=\"260\" \/><\/a><p class=\"jig-HTMLdescription\">15541993_899031453533220_5453325885200540966_n<\/p><\/li><li><a href=\"https:\/\/www.aptobradametala.com\/wp-content\/gallery\/kancelarijski-namestaj\/IMG-6b2cec15b6d19d40ccae33d114f7f7f3-V.jpg\"><img decoding=\"async\" src=\"https:\/\/www.aptobradametala.com\/wp-content\/plugins\/justified-image-grid\/timthumb.php?src=https%3A%2F%2Fwww.aptobradametala.com%2Fwp-content%2Fgallery%2Fkancelarijski-namestaj%2FIMG-6b2cec15b6d19d40ccae33d114f7f7f3-V.jpg&amp;h=260&amp;q=90&amp;f=.jpg\" alt=\"\" width=\"146\" height=\"260\" \/><\/a><\/li><li><a href=\"https:\/\/www.aptobradametala.com\/wp-content\/gallery\/kancelarijski-namestaj\/IMG-51ce093fa1ca6274f816d7d12f366ff0-V.jpg\"><img decoding=\"async\" src=\"https:\/\/www.aptobradametala.com\/wp-content\/plugins\/justified-image-grid\/timthumb.php?src=https%3A%2F%2Fwww.aptobradametala.com%2Fwp-content%2Fgallery%2Fkancelarijski-namestaj%2FIMG-51ce093fa1ca6274f816d7d12f366ff0-V.jpg&amp;h=260&amp;q=90&amp;f=.jpg\" alt=\"\" width=\"461\" height=\"260\" \/><\/a><\/li><li><a href=\"https:\/\/www.aptobradametala.com\/wp-content\/gallery\/kancelarijski-namestaj\/IMG-a635ed082f32553da32be876e0b6664b-V.jpg\"><img decoding=\"async\" src=\"https:\/\/www.aptobradametala.com\/wp-content\/plugins\/justified-image-grid\/timthumb.php?src=https%3A%2F%2Fwww.aptobradametala.com%2Fwp-content%2Fgallery%2Fkancelarijski-namestaj%2FIMG-a635ed082f32553da32be876e0b6664b-V.jpg&amp;h=260&amp;q=90&amp;f=.jpg\" alt=\"\" width=\"146\" height=\"260\" \/><\/a><\/li><li><a href=\"https:\/\/www.aptobradametala.com\/wp-content\/gallery\/kancelarijski-namestaj\/IMG-d03f4b3273760ffca4d2ee87a29690d6-V.jpg\"><img decoding=\"async\" src=\"https:\/\/www.aptobradametala.com\/wp-content\/plugins\/justified-image-grid\/timthumb.php?src=https%3A%2F%2Fwww.aptobradametala.com%2Fwp-content%2Fgallery%2Fkancelarijski-namestaj%2FIMG-d03f4b3273760ffca4d2ee87a29690d6-V.jpg&amp;h=260&amp;q=90&amp;f=.jpg\" alt=\"\" width=\"146\" height=\"260\" \/><\/a><\/li><li><a href=\"https:\/\/www.aptobradametala.com\/wp-content\/gallery\/kancelarijski-namestaj\/IMG-d73707e6f60d13d49f48a9ddcb35f102-V.jpg\"><img decoding=\"async\" src=\"https:\/\/www.aptobradametala.com\/wp-content\/plugins\/justified-image-grid\/timthumb.php?src=https%3A%2F%2Fwww.aptobradametala.com%2Fwp-content%2Fgallery%2Fkancelarijski-namestaj%2FIMG-d73707e6f60d13d49f48a9ddcb35f102-V.jpg&amp;h=260&amp;q=90&amp;f=.jpg\" alt=\"\" width=\"195\" height=\"260\" \/><\/a><\/li><li><a href=\"https:\/\/www.aptobradametala.com\/wp-content\/gallery\/kancelarijski-namestaj\/387333797_1385999318960472_8748482184080296991_n.jpg\" title=\"387333797_1385999318960472_8748482184080296991_n\"><img decoding=\"async\" src=\"https:\/\/www.aptobradametala.com\/wp-content\/plugins\/justified-image-grid\/timthumb.php?src=https%3A%2F%2Fwww.aptobradametala.com%2Fwp-content%2Fgallery%2Fkancelarijski-namestaj%2F387333797_1385999318960472_8748482184080296991_n.jpg&amp;h=260&amp;q=90&amp;f=.jpg\" alt=\"387333797_1385999318960472_8748482184080296991_n\" width=\"195\" height=\"260\" \/><\/a><p class=\"jig-HTMLdescription\">387333797_1385999318960472_8748482184080296991_n<\/p><\/li><li><a href=\"https:\/\/www.aptobradametala.com\/wp-content\/gallery\/kancelarijski-namestaj\/IMG-db306b3d5d6e3d58d73ebeb8be8d2359-V.jpg\"><img decoding=\"async\" src=\"https:\/\/www.aptobradametala.com\/wp-content\/plugins\/justified-image-grid\/timthumb.php?src=https%3A%2F%2Fwww.aptobradametala.com%2Fwp-content%2Fgallery%2Fkancelarijski-namestaj%2FIMG-db306b3d5d6e3d58d73ebeb8be8d2359-V.jpg&amp;h=260&amp;q=90&amp;f=.jpg\" alt=\"\" width=\"461\" height=\"260\" \/><\/a><\/li><li><a href=\"https:\/\/www.aptobradametala.com\/wp-content\/gallery\/kancelarijski-namestaj\/IMG-fe7422b46cfe90093679a1a2ceb46522-V.jpg\"><img decoding=\"async\" src=\"https:\/\/www.aptobradametala.com\/wp-content\/plugins\/justified-image-grid\/timthumb.php?src=https%3A%2F%2Fwww.aptobradametala.com%2Fwp-content%2Fgallery%2Fkancelarijski-namestaj%2FIMG-fe7422b46cfe90093679a1a2ceb46522-V.jpg&amp;h=260&amp;q=90&amp;f=.jpg\" alt=\"\" width=\"462\" height=\"260\" \/><\/a><\/li><li><a href=\"https:\/\/www.aptobradametala.com\/wp-content\/gallery\/kancelarijski-namestaj\/387604069_340931548349063_1935268335303176534_n.jpg\" title=\"387604069_340931548349063_1935268335303176534_n\"><img decoding=\"async\" src=\"https:\/\/www.aptobradametala.com\/wp-content\/plugins\/justified-image-grid\/timthumb.php?src=https%3A%2F%2Fwww.aptobradametala.com%2Fwp-content%2Fgallery%2Fkancelarijski-namestaj%2F387604069_340931548349063_1935268335303176534_n.jpg&amp;h=260&amp;q=90&amp;f=.jpg\" alt=\"387604069_340931548349063_1935268335303176534_n\" width=\"195\" height=\"260\" \/><\/a><p class=\"jig-HTMLdescription\">387604069_340931548349063_1935268335303176534_n<\/p><\/li><li><a href=\"https:\/\/www.aptobradametala.com\/wp-content\/gallery\/kancelarijski-namestaj\/78530279_2156250338016218_3509108505556549632_n.jpg\" title=\"78530279_2156250338016218_3509108505556549632_n\"><img decoding=\"async\" src=\"https:\/\/www.aptobradametala.com\/wp-content\/plugins\/justified-image-grid\/timthumb.php?src=https%3A%2F%2Fwww.aptobradametala.com%2Fwp-content%2Fgallery%2Fkancelarijski-namestaj%2F78530279_2156250338016218_3509108505556549632_n.jpg&amp;h=260&amp;q=90&amp;f=.jpg\" alt=\"78530279_2156250338016218_3509108505556549632_n\" width=\"125\" height=\"260\" \/><\/a><p class=\"jig-HTMLdescription\">78530279_2156250338016218_3509108505556549632_n<\/p><\/li><li><a href=\"https:\/\/www.aptobradametala.com\/wp-content\/gallery\/kancelarijski-namestaj\/78612512_805467123257054_7434083541740158976_n.jpg\" title=\"78612512_805467123257054_7434083541740158976_n\"><img decoding=\"async\" src=\"https:\/\/www.aptobradametala.com\/wp-content\/plugins\/justified-image-grid\/timthumb.php?src=https%3A%2F%2Fwww.aptobradametala.com%2Fwp-content%2Fgallery%2Fkancelarijski-namestaj%2F78612512_805467123257054_7434083541740158976_n.jpg&amp;h=260&amp;q=90&amp;f=.jpg\" alt=\"78612512_805467123257054_7434083541740158976_n\" width=\"125\" height=\"260\" \/><\/a><p class=\"jig-HTMLdescription\">78612512_805467123257054_7434083541740158976_n<\/p><\/li><li><a href=\"https:\/\/www.aptobradametala.com\/wp-content\/gallery\/kancelarijski-namestaj\/79833976_434082393952514_7151595399424245760_n.jpg\" title=\"79833976_434082393952514_7151595399424245760_n\"><img decoding=\"async\" src=\"https:\/\/www.aptobradametala.com\/wp-content\/plugins\/justified-image-grid\/timthumb.php?src=https%3A%2F%2Fwww.aptobradametala.com%2Fwp-content%2Fgallery%2Fkancelarijski-namestaj%2F79833976_434082393952514_7151595399424245760_n.jpg&amp;h=260&amp;q=90&amp;f=.jpg\" alt=\"79833976_434082393952514_7151595399424245760_n\" width=\"125\" height=\"260\" \/><\/a><p class=\"jig-HTMLdescription\">79833976_434082393952514_7151595399424245760_n<\/p><\/li><\/ul><\/noscript><\/div>\n<\/div><div class=\"fusion-sep-clear\"><\/div><div class=\"fusion-separator fusion-full-width-sep\" style=\"margin-left: auto;margin-right: auto;margin-top:10px;margin-bottom:10px;width:100%;\"><\/div><div class=\"fusion-sep-clear\"><\/div><div class=\"fusion-clearfix\"><\/div><\/div><\/div><div class=\"fusion-layout-column fusion_builder_column fusion-builder-column-3 fusion_builder_column_1_6 1_6 fusion-one-sixth fusion-column-first\" style=\"--awb-bg-size:cover;width:16.666666666667%;width:calc(16.666666666667% - ( ( 4% + 4% ) * 0.16666666666667 ) );margin-right: 4%;\"><div class=\"fusion-column-wrapper fusion-flex-column-wrapper-legacy\"><div class=\"fusion-clearfix\"><\/div><\/div><\/div><div class=\"fusion-layout-column fusion_builder_column fusion-builder-column-4 fusion_builder_column_2_3 2_3 fusion-two-third\" style=\"--awb-bg-size:cover;width:66.666666666667%;width:calc(66.666666666667% - ( ( 4% + 4% ) * 0.66666666666667 ) );margin-right: 4%;\"><div class=\"fusion-column-wrapper fusion-flex-column-wrapper-legacy\"><div class=\"fusion-align-block\"><a class=\"fusion-button button-flat button-large button-default fusion-button-default button-1 fusion-button-span-yes fusion-button-default-type\" target=\"_self\" href=\"tel:+38162762820\"><span class=\"fusion-button-text\">F\u00fcr weitere Informationen \u00fcber die Herstellung von B\u00fcrom\u00f6beln, rufen Sie uns an<\/span><\/a><\/div><div class=\"fusion-clearfix\"><\/div><\/div><\/div><div class=\"fusion-layout-column fusion_builder_column fusion-builder-column-5 fusion_builder_column_1_6 1_6 fusion-one-sixth fusion-column-last\" style=\"--awb-bg-size:cover;width:16.666666666667%;width:calc(16.666666666667% - ( ( 4% + 4% ) * 0.16666666666667 ) );\"><div class=\"fusion-column-wrapper fusion-flex-column-wrapper-legacy\"><div class=\"fusion-clearfix\"><\/div><\/div><\/div><\/div><\/div><\/p>\n","protected":false},"excerpt":{"rendered":"","protected":false},"author":1,"featured_media":0,"parent":0,"menu_order":0,"comment_status":"closed","ping_status":"closed","template":"100-width.php","meta":{"ngg_post_thumbnail":0,"footnotes":""},"class_list":["post-2308","page","type-page","status-publish","hentry"],"yoast_head":"<!-- This site is optimized with the Yoast SEO plugin v23.0 - https:\/\/yoast.com\/wordpress\/plugins\/seo\/ -->\n<title>Herstellung von B\u00fcrom\u00f6beln - Prerada i zavr\u0161na obrada metala<\/title>\n<meta name=\"robots\" content=\"index, follow, max-snippet:-1, max-image-preview:large, max-video-preview:-1\" \/>\n<link rel=\"canonical\" href=\"https:\/\/www.aptobradametala.com\/de\/herstellung-von-bueromoebeln\/\" \/>\n<meta property=\"og:locale\" content=\"de_DE\" \/>\n<meta property=\"og:type\" content=\"article\" \/>\n<meta property=\"og:title\" content=\"Herstellung von B\u00fcrom\u00f6beln - Prerada i zavr\u0161na obrada metala\" \/>\n<meta property=\"og:url\" content=\"https:\/\/www.aptobradametala.com\/de\/herstellung-von-bueromoebeln\/\" \/>\n<meta property=\"og:site_name\" content=\"Prerada i zavr\u0161na obrada metala\" \/>\n<meta property=\"article:modified_time\" content=\"2018-10-01T11:03:02+00:00\" \/>\n<meta name=\"twitter:card\" content=\"summary_large_image\" \/>\n<meta name=\"twitter:label1\" content=\"Gesch\u00e4tzte Lesezeit\" \/>\n\t<meta name=\"twitter:data1\" content=\"6\u00a0Minuten\" \/>\n<script type=\"application\/ld+json\" class=\"yoast-schema-graph\">{\"@context\":\"https:\/\/schema.org\",\"@graph\":[{\"@type\":\"WebPage\",\"@id\":\"https:\/\/www.aptobradametala.com\/de\/herstellung-von-bueromoebeln\/\",\"url\":\"https:\/\/www.aptobradametala.com\/de\/herstellung-von-bueromoebeln\/\",\"name\":\"Herstellung von B\u00fcrom\u00f6beln - Prerada i zavr\u0161na obrada metala\",\"isPartOf\":{\"@id\":\"https:\/\/www.aptobradametala.com\/#website\"},\"datePublished\":\"2018-07-23T22:25:46+00:00\",\"dateModified\":\"2018-10-01T11:03:02+00:00\",\"breadcrumb\":{\"@id\":\"https:\/\/www.aptobradametala.com\/de\/herstellung-von-bueromoebeln\/#breadcrumb\"},\"inLanguage\":\"de\",\"potentialAction\":[{\"@type\":\"ReadAction\",\"target\":[\"https:\/\/www.aptobradametala.com\/de\/herstellung-von-bueromoebeln\/\"]}]},{\"@type\":\"BreadcrumbList\",\"@id\":\"https:\/\/www.aptobradametala.com\/de\/herstellung-von-bueromoebeln\/#breadcrumb\",\"itemListElement\":[{\"@type\":\"ListItem\",\"position\":1,\"name\":\"\u041f\u043e\u0447\u0435\u0442\u043d\u0430\",\"item\":\"https:\/\/www.aptobradametala.com\/de\/\"},{\"@type\":\"ListItem\",\"position\":2,\"name\":\"Herstellung von B\u00fcrom\u00f6beln\"}]},{\"@type\":\"WebSite\",\"@id\":\"https:\/\/www.aptobradametala.com\/#website\",\"url\":\"https:\/\/www.aptobradametala.com\/\",\"name\":\"Prerada i zavr\u0161na obrada metala\",\"description\":\"Plastifikacija metala, uslu\u017eno probijanje na CNC probija\u010du, izrada polica za supermarket\",\"potentialAction\":[{\"@type\":\"SearchAction\",\"target\":{\"@type\":\"EntryPoint\",\"urlTemplate\":\"https:\/\/www.aptobradametala.com\/?s={search_term_string}\"},\"query-input\":\"required name=search_term_string\"}],\"inLanguage\":\"de\"}]}<\/script>\n<!-- \/ Yoast SEO plugin. -->","yoast_head_json":{"title":"Herstellung von B\u00fcrom\u00f6beln - Prerada i zavr\u0161na obrada metala","robots":{"index":"index","follow":"follow","max-snippet":"max-snippet:-1","max-image-preview":"max-image-preview:large","max-video-preview":"max-video-preview:-1"},"canonical":"https:\/\/www.aptobradametala.com\/de\/herstellung-von-bueromoebeln\/","og_locale":"de_DE","og_type":"article","og_title":"Herstellung von B\u00fcrom\u00f6beln - Prerada i zavr\u0161na obrada metala","og_url":"https:\/\/www.aptobradametala.com\/de\/herstellung-von-bueromoebeln\/","og_site_name":"Prerada i zavr\u0161na obrada metala","article_modified_time":"2018-10-01T11:03:02+00:00","twitter_card":"summary_large_image","twitter_misc":{"Gesch\u00e4tzte Lesezeit":"6\u00a0Minuten"},"schema":{"@context":"https:\/\/schema.org","@graph":[{"@type":"WebPage","@id":"https:\/\/www.aptobradametala.com\/de\/herstellung-von-bueromoebeln\/","url":"https:\/\/www.aptobradametala.com\/de\/herstellung-von-bueromoebeln\/","name":"Herstellung von B\u00fcrom\u00f6beln - Prerada i zavr\u0161na obrada metala","isPartOf":{"@id":"https:\/\/www.aptobradametala.com\/#website"},"datePublished":"2018-07-23T22:25:46+00:00","dateModified":"2018-10-01T11:03:02+00:00","breadcrumb":{"@id":"https:\/\/www.aptobradametala.com\/de\/herstellung-von-bueromoebeln\/#breadcrumb"},"inLanguage":"de","potentialAction":[{"@type":"ReadAction","target":["https:\/\/www.aptobradametala.com\/de\/herstellung-von-bueromoebeln\/"]}]},{"@type":"BreadcrumbList","@id":"https:\/\/www.aptobradametala.com\/de\/herstellung-von-bueromoebeln\/#breadcrumb","itemListElement":[{"@type":"ListItem","position":1,"name":"\u041f\u043e\u0447\u0435\u0442\u043d\u0430","item":"https:\/\/www.aptobradametala.com\/de\/"},{"@type":"ListItem","position":2,"name":"Herstellung von B\u00fcrom\u00f6beln"}]},{"@type":"WebSite","@id":"https:\/\/www.aptobradametala.com\/#website","url":"https:\/\/www.aptobradametala.com\/","name":"Prerada i zavr\u0161na obrada metala","description":"Plastifikacija metala, uslu\u017eno probijanje na CNC probija\u010du, izrada polica za supermarket","potentialAction":[{"@type":"SearchAction","target":{"@type":"EntryPoint","urlTemplate":"https:\/\/www.aptobradametala.com\/?s={search_term_string}"},"query-input":"required name=search_term_string"}],"inLanguage":"de"}]}},"_links":{"self":[{"href":"https:\/\/www.aptobradametala.com\/de\/wp-json\/wp\/v2\/pages\/2308"}],"collection":[{"href":"https:\/\/www.aptobradametala.com\/de\/wp-json\/wp\/v2\/pages"}],"about":[{"href":"https:\/\/www.aptobradametala.com\/de\/wp-json\/wp\/v2\/types\/page"}],"author":[{"embeddable":true,"href":"https:\/\/www.aptobradametala.com\/de\/wp-json\/wp\/v2\/users\/1"}],"replies":[{"embeddable":true,"href":"https:\/\/www.aptobradametala.com\/de\/wp-json\/wp\/v2\/comments?post=2308"}],"version-history":[{"count":0,"href":"https:\/\/www.aptobradametala.com\/de\/wp-json\/wp\/v2\/pages\/2308\/revisions"}],"wp:attachment":[{"href":"https:\/\/www.aptobradametala.com\/de\/wp-json\/wp\/v2\/media?parent=2308"}],"curies":[{"name":"wp","href":"https:\/\/api.w.org\/{rel}","templated":true}]}}